{"id":140,"date":"2021-07-23T07:51:46","date_gmt":"2021-07-23T07:51:46","guid":{"rendered":"https:\/\/barsancalisto.it\/?page_id=140"},"modified":"2021-07-23T08:01:47","modified_gmt":"2021-07-23T08:01:47","slug":"press","status":"publish","type":"page","link":"https:\/\/barsancalisto.it\/index.php\/press\/","title":{"rendered":"Press"},"content":{"rendered":"<div class=\"fusion-fullwidth fullwidth-box fusion-builder-row-1 fusion-flex-container nonhundred-percent-fullwidth non-hundred-percent-height-scrolling\" style=\"background-color: rgba(255,255,255,0);background-position: center center;background-repeat: no-repeat;border-width: 0px 0px 0px 0px;border-color:#e2e2e2;border-style:solid;\" ><div class=\"fusion-builder-row fusion-row fusion-flex-align-items-flex-start\" style=\"max-width:1248px;margin-left: calc(-4% \/ 2 );margin-right: calc(-4% \/ 2 );\"><div class=\"fusion-layout-column fusion_builder_column fusion-builder-column-0 fusion_builder_column_1_1 1_1 fusion-flex-column\"><div class=\"fusion-column-wrapper fusion-flex-justify-content-flex-start fusion-content-layout-column\" style=\"background-position:left top;background-repeat:no-repeat;-webkit-background-size:cover;-moz-background-size:cover;-o-background-size:cover;background-size:cover;padding: 0px 0px 0px 0px;\"><div class=\"fusion-blog-shortcode fusion-blog-shortcode-1 fusion-blog-archive fusion-blog-layout-medium-alternate fusion-blog-pagination\"><div class=\"fusion-posts-container fusion-posts-container-pagination fusion-blog-rollover\" data-pages=\"2\"><article id=\"blog-1-post-235\" class=\"fusion-post-medium-alternate post-235 post type-post status-publish format-standard has-post-thumbnail hentry category-press tag-ventriloco\">\n<div class=\"fusion-date-and-formats\"><div class=\"fusion-date-box updated\"><span class=\"fusion-date\">15<\/span><span class=\"fusion-month-year\">09, 2021<\/span><\/div><div class=\"fusion-format-box\"><i class=\"awb-icon-pen\" aria-hidden=\"true\"><\/i><\/div><\/div>\t<style type=\"text\/css\">\n\t\t\n\t\t\n\t\t\n\t\t\n\t\t\t<\/style>\n\n\n\t\t\t<div class=\"fusion-flexslider flexslider fusion-flexslider-loading fusion-post-slideshow\" style=\"\">\n\t\t<ul class=\"slides\">\n\t\t\t\n\t\t\t\t\t\t\t\t\t\t\t\t\t\t<li><div  class=\"fusion-image-wrapper fusion-image-size-fixed\" aria-haspopup=\"true\">\n\t\t\t\t<img decoding=\"async\" width=\"320\" height=\"202\" src=\"https:\/\/barsancalisto.it\/wp-content\/uploads\/2021\/09\/sancalisto-black-320x202.jpg\" class=\"attachment-blog-medium size-blog-medium wp-post-image\" alt=\"\" srcset=\"https:\/\/barsancalisto.it\/wp-content\/uploads\/2021\/09\/sancalisto-black-320x202.jpg 320w, https:\/\/barsancalisto.it\/wp-content\/uploads\/2021\/09\/sancalisto-black-700x441.jpg 700w\" sizes=\"(max-width: 320px) 100vw, 320px\" \/><div class=\"fusion-rollover\">\n\t<div class=\"fusion-rollover-content\">\n\n\t\t\t\t\t\t\t\t\t\t\t\t\t\t<a class=\"fusion-rollover-link\" href=\"https:\/\/barsancalisto.it\/index.php\/2021\/09\/15\/san-calisto-di-cecilia-palmeri\/\">San Calisto Di Cecilia Palmeri<\/a>\n\t\t\t\n\t\t\t\t\t\t\t\t\t\t\t\t\t\t\n\t\t\t\t\t\t\t\t\n\t\t\t\t\t\t\t\t\t\t\t\t\t<div class=\"fusion-rollover-sep\"><\/div>\n\t\t\t\t\n\t\t\t\t\t\t\t\t\t\t\t\t\t\t\t\t\t\t<a class=\"fusion-rollover-gallery\" href=\"https:\/\/barsancalisto.it\/wp-content\/uploads\/2021\/09\/sancalisto-black.jpg\" data-id=\"235\" data-rel=\"iLightbox[gallery]\" data-title=\"sancalisto-black\" data-caption=\"\">\n\t\t\t\t\t\tGalleria\t\t\t\t\t<\/a>\n\t\t\t\t\t\t\t\t\t\t\t\t\t\t\n\t\t\n\t\t\t\t\t\t\t\t\t\t\t\t<h4 class=\"fusion-rollover-title\">\n\t\t\t\t\t<a class=\"fusion-rollover-title-link\" href=\"https:\/\/barsancalisto.it\/index.php\/2021\/09\/15\/san-calisto-di-cecilia-palmeri\/\">\n\t\t\t\t\t\tSan Calisto Di Cecilia Palmeri\t\t\t\t\t<\/a>\n\t\t\t\t<\/h4>\n\t\t\t\n\t\t\t\t\t\t\t\t\t\t<div class=\"fusion-rollover-categories\"><a href=\"https:\/\/barsancalisto.it\/index.php\/category\/press\/\" rel=\"tag\">Press<\/a><\/div>\t\t\t\t\t\n\t\t\n\t\t\t\t\t\t<a class=\"fusion-link-wrapper\" href=\"https:\/\/barsancalisto.it\/index.php\/2021\/09\/15\/san-calisto-di-cecilia-palmeri\/\" aria-label=\"San Calisto Di Cecilia Palmeri\"><\/a>\n\t<\/div>\n<\/div>\n<\/div>\n<\/li>\n\t\t\t\n\t\t\t\n\t\t\t\t\t\t\t\t\t\t\t\t\t\t\t\t\t\t\t\t\t\t\t\t\t\t\t\t\t\t\t\t\t\t\t\t\t\t\t\t\t\t\t\t\t\t\t\t\t\t\t\t\t\t\t\t\t\t\t\t\t\t\t\t\t\t\t\t<\/ul>\n\t<\/div>\n\t<div class=\"fusion-post-content post-content\"><h2 class=\"blog-shortcode-post-title entry-title\"><a href=\"https:\/\/barsancalisto.it\/index.php\/2021\/09\/15\/san-calisto-di-cecilia-palmeri\/\">San Calisto Di Cecilia Palmeri<\/a><\/h2><p class=\"fusion-single-line-meta\">By <span class=\"vcard\"><span class=\"fn\"><a href=\"https:\/\/barsancalisto.it\/index.php\/author\/loto-admin\/\" title=\"Articoli scritti da admin\" rel=\"author\">admin<\/a><\/span><\/span><span class=\"fusion-inline-sep\">|<\/span><span class=\"updated\" style=\"display:none;\">2022-06-10T08:28:38+00:00<\/span><span>Settembre 15, 2021<\/span><span class=\"fusion-inline-sep\">|<\/span>Categories: <a href=\"https:\/\/barsancalisto.it\/index.php\/category\/press\/\" rel=\"category tag\">Press<\/a><span class=\"fusion-inline-sep\">|<\/span><span class=\"meta-tags\">Tags: <a href=\"https:\/\/barsancalisto.it\/index.php\/tag\/ventriloco\/\" rel=\"tag\">Ventriloco<\/a><\/span><span class=\"fusion-inline-sep\">|<\/span><span class=\"fusion-comments\"><span>Commenti disabilitati<span class=\"screen-reader-text\"> su San Calisto Di Cecilia Palmeri<\/span><\/span><\/span><\/p><div class=\"fusion-post-content-container\"><p> Spaccato del nostro bar raccontato splendidamente in questo video dalla bravissima Cecilia Palmeri. Con la partecipazione del solito grande Marcellino Forti. Fonte: Youtube          <\/p><\/div><\/div><div class=\"fusion-clearfix\"><\/div><div class=\"fusion-meta-info\"><div class=\"fusion-alignright\"><a class=\"fusion-read-more\" href=\"https:\/\/barsancalisto.it\/index.php\/2021\/09\/15\/san-calisto-di-cecilia-palmeri\/\" aria-label=\"More on San Calisto Di Cecilia Palmeri\">Read More<\/a><\/div><\/div><\/article>\n<article id=\"blog-1-post-170\" class=\"fusion-post-medium-alternate post-170 post type-post status-publish format-standard has-post-thumbnail hentry category-press tag-repubblica\">\n<div class=\"fusion-date-and-formats\"><div class=\"fusion-date-box updated\"><span class=\"fusion-date\">23<\/span><span class=\"fusion-month-year\">07, 2021<\/span><\/div><div class=\"fusion-format-box\"><i class=\"awb-icon-pen\" aria-hidden=\"true\"><\/i><\/div><\/div>\t<style type=\"text\/css\">\n\t\t\n\t\t\n\t\t\n\t\t\n\t\t\t<\/style>\n\n\n\t\t\t<div class=\"fusion-flexslider flexslider fusion-flexslider-loading fusion-post-slideshow\" style=\"\">\n\t\t<ul class=\"slides\">\n\t\t\t\n\t\t\t\t\t\t\t\t\t\t\t\t\t\t<li><div  class=\"fusion-image-wrapper fusion-image-size-fixed\" aria-haspopup=\"true\">\n\t\t\t\t<img decoding=\"async\" width=\"320\" height=\"202\" src=\"https:\/\/barsancalisto.it\/wp-content\/uploads\/2021\/07\/Barricata_San_Calisto-320x202.jpg\" class=\"attachment-blog-medium size-blog-medium wp-post-image\" alt=\"\" srcset=\"https:\/\/barsancalisto.it\/wp-content\/uploads\/2021\/07\/Barricata_San_Calisto-200x127.jpg 200w, https:\/\/barsancalisto.it\/wp-content\/uploads\/2021\/07\/Barricata_San_Calisto-320x202.jpg 320w, https:\/\/barsancalisto.it\/wp-content\/uploads\/2021\/07\/Barricata_San_Calisto-400x254.jpg 400w, https:\/\/barsancalisto.it\/wp-content\/uploads\/2021\/07\/Barricata_San_Calisto.jpg 480w\" sizes=\"(max-width: 320px) 100vw, 320px\" \/><div class=\"fusion-rollover\">\n\t<div class=\"fusion-rollover-content\">\n\n\t\t\t\t\t\t\t\t\t\t\t\t\t\t<a class=\"fusion-rollover-link\" href=\"https:\/\/barsancalisto.it\/index.php\/2021\/07\/23\/una-giornata-al-san-calisto-e-il-vecchio-bar-diventa-un-film\/\">Una giornata al San Calisto E il vecchio bar diventa un film<\/a>\n\t\t\t\n\t\t\t\t\t\t\t\t\t\t\t\t\t\t\n\t\t\t\t\t\t\t\t\n\t\t\t\t\t\t\t\t\t\t\t\t\t<div class=\"fusion-rollover-sep\"><\/div>\n\t\t\t\t\n\t\t\t\t\t\t\t\t\t\t\t\t\t\t\t\t\t\t<a class=\"fusion-rollover-gallery\" href=\"https:\/\/barsancalisto.it\/wp-content\/uploads\/2021\/07\/Barricata_San_Calisto.jpg\" data-id=\"170\" data-rel=\"iLightbox[gallery]\" data-title=\"Barricata_San_Calisto\" data-caption=\"\">\n\t\t\t\t\t\tGalleria\t\t\t\t\t<\/a>\n\t\t\t\t\t\t\t\t\t\t\t\t\t\t\n\t\t\n\t\t\t\t\t\t\t\t\t\t\t\t<h4 class=\"fusion-rollover-title\">\n\t\t\t\t\t<a class=\"fusion-rollover-title-link\" href=\"https:\/\/barsancalisto.it\/index.php\/2021\/07\/23\/una-giornata-al-san-calisto-e-il-vecchio-bar-diventa-un-film\/\">\n\t\t\t\t\t\tUna giornata al San Calisto E il vecchio bar diventa un film\t\t\t\t\t<\/a>\n\t\t\t\t<\/h4>\n\t\t\t\n\t\t\t\t\t\t\t\t\t\t<div class=\"fusion-rollover-categories\"><a href=\"https:\/\/barsancalisto.it\/index.php\/category\/press\/\" rel=\"tag\">Press<\/a><\/div>\t\t\t\t\t\n\t\t\n\t\t\t\t\t\t<a class=\"fusion-link-wrapper\" href=\"https:\/\/barsancalisto.it\/index.php\/2021\/07\/23\/una-giornata-al-san-calisto-e-il-vecchio-bar-diventa-un-film\/\" aria-label=\"Una giornata al San Calisto E il vecchio bar diventa un film\"><\/a>\n\t<\/div>\n<\/div>\n<\/div>\n<\/li>\n\t\t\t\n\t\t\t\n\t\t\t\t\t\t\t\t\t\t\t\t\t\t\t\t\t\t\t\t\t\t\t\t\t\t\t\t\t\t\t\t\t\t\t\t\t\t\t\t\t\t\t\t\t\t\t\t\t\t\t\t\t\t\t\t\t\t\t\t\t\t\t\t\t\t\t\t<\/ul>\n\t<\/div>\n\t<div class=\"fusion-post-content post-content\"><h2 class=\"blog-shortcode-post-title entry-title\"><a href=\"https:\/\/barsancalisto.it\/index.php\/2021\/07\/23\/una-giornata-al-san-calisto-e-il-vecchio-bar-diventa-un-film\/\">Una giornata al San Calisto E il vecchio bar diventa un film<\/a><\/h2><p class=\"fusion-single-line-meta\">By <span class=\"vcard\"><span class=\"fn\"><a href=\"https:\/\/barsancalisto.it\/index.php\/author\/loto-admin\/\" title=\"Articoli scritti da admin\" rel=\"author\">admin<\/a><\/span><\/span><span class=\"fusion-inline-sep\">|<\/span><span class=\"updated\" style=\"display:none;\">2022-06-10T08:28:38+00:00<\/span><span>Luglio 23, 2021<\/span><span class=\"fusion-inline-sep\">|<\/span>Categories: <a href=\"https:\/\/barsancalisto.it\/index.php\/category\/press\/\" rel=\"category tag\">Press<\/a><span class=\"fusion-inline-sep\">|<\/span><span class=\"meta-tags\">Tags: <a href=\"https:\/\/barsancalisto.it\/index.php\/tag\/repubblica\/\" rel=\"tag\">Repubblica<\/a><\/span><span class=\"fusion-inline-sep\">|<\/span><span class=\"fusion-comments\"><span>Commenti disabilitati<span class=\"screen-reader-text\"> su Una giornata al San Calisto E il vecchio bar diventa un film<\/span><\/span><\/span><\/p><div class=\"fusion-post-content-container\"><p>A Trastevere, e non solo, \u00e8 un' istituzione, che ha saputo resistere all' assalto di pub e birrerie, conservando inalterate nel tempo le sue caratteristiche originarie. \u00e8 il bar San Calisto, storico ritrovo popolato da una fauna varia e, soprattutto, insofferente ai clich\u00e9. Un bar democratico, che ospita artisti e ladri, politici e barboni, studenti e professori, operai e manager. Al mattino funziona come latteria frequentata dagli anziani del quartiere, pronti a scambiarsi opinioni sul calcio o sulle pensioni; a pranzo si trasforma in un bivacco di turisti e impiegati della zona; il pomeriggio \u00e8 soprattutto la gelateria dei bambini; [...]<\/p><\/div><\/div><div class=\"fusion-clearfix\"><\/div><div class=\"fusion-meta-info\"><div class=\"fusion-alignright\"><a class=\"fusion-read-more\" href=\"https:\/\/barsancalisto.it\/index.php\/2021\/07\/23\/una-giornata-al-san-calisto-e-il-vecchio-bar-diventa-un-film\/\" aria-label=\"More on Una giornata al San Calisto E il vecchio bar diventa un film\">Read More<\/a><\/div><\/div><\/article>\n<article id=\"blog-1-post-167\" class=\"fusion-post-medium-alternate post-167 post type-post status-publish format-standard has-post-thumbnail hentry category-press tag-ventriloco\">\n<div class=\"fusion-date-and-formats\"><div class=\"fusion-date-box updated\"><span class=\"fusion-date\">23<\/span><span class=\"fusion-month-year\">07, 2021<\/span><\/div><div class=\"fusion-format-box\"><i class=\"awb-icon-pen\" aria-hidden=\"true\"><\/i><\/div><\/div>\t<style type=\"text\/css\">\n\t\t\n\t\t\n\t\t\n\t\t\n\t\t\t<\/style>\n\n\n\t\t\t<div class=\"fusion-flexslider flexslider fusion-flexslider-loading fusion-post-slideshow\" style=\"\">\n\t\t<ul class=\"slides\">\n\t\t\t\n\t\t\t\t\t\t\t\t\t\t\t\t\t\t<li><div  class=\"fusion-image-wrapper fusion-image-size-fixed\" aria-haspopup=\"true\">\n\t\t\t\t<img decoding=\"async\" width=\"320\" height=\"202\" src=\"https:\/\/barsancalisto.it\/wp-content\/uploads\/2021\/07\/A-marcello-e-al-Bar-San-Calisto-la-vera-chiesa-di-roma-320x202.png\" class=\"attachment-blog-medium size-blog-medium wp-post-image\" alt=\"\" srcset=\"https:\/\/barsancalisto.it\/wp-content\/uploads\/2021\/07\/A-marcello-e-al-Bar-San-Calisto-la-vera-chiesa-di-roma-320x202.png 320w, https:\/\/barsancalisto.it\/wp-content\/uploads\/2021\/07\/A-marcello-e-al-Bar-San-Calisto-la-vera-chiesa-di-roma-700x441.png 700w\" sizes=\"(max-width: 320px) 100vw, 320px\" \/><div class=\"fusion-rollover\">\n\t<div class=\"fusion-rollover-content\">\n\n\t\t\t\t\t\t\t\t\t\t\t\t\t\t<a class=\"fusion-rollover-link\" href=\"https:\/\/barsancalisto.it\/index.php\/2021\/07\/23\/santo-bar-callisto-di-giulia-anania-e-simone-amendola\/\">Santo Bar Callisto. Di Giulia Anania e Simone Amendola<\/a>\n\t\t\t\n\t\t\t\t\t\t\t\t\t\t\t\t\t\t\n\t\t\t\t\t\t\t\t\n\t\t\t\t\t\t\t\t\t\t\t\t\t<div class=\"fusion-rollover-sep\"><\/div>\n\t\t\t\t\n\t\t\t\t\t\t\t\t\t\t\t\t\t\t\t\t\t\t<a class=\"fusion-rollover-gallery\" href=\"https:\/\/barsancalisto.it\/wp-content\/uploads\/2021\/07\/A-marcello-e-al-Bar-San-Calisto-la-vera-chiesa-di-roma.png\" data-id=\"167\" data-rel=\"iLightbox[gallery]\" data-title=\"A marcello e al Bar San Calisto la vera chiesa di roma\" data-caption=\"\">\n\t\t\t\t\t\tGalleria\t\t\t\t\t<\/a>\n\t\t\t\t\t\t\t\t\t\t\t\t\t\t\n\t\t\n\t\t\t\t\t\t\t\t\t\t\t\t<h4 class=\"fusion-rollover-title\">\n\t\t\t\t\t<a class=\"fusion-rollover-title-link\" href=\"https:\/\/barsancalisto.it\/index.php\/2021\/07\/23\/santo-bar-callisto-di-giulia-anania-e-simone-amendola\/\">\n\t\t\t\t\t\tSanto Bar Callisto. Di Giulia Anania e Simone Amendola\t\t\t\t\t<\/a>\n\t\t\t\t<\/h4>\n\t\t\t\n\t\t\t\t\t\t\t\t\t\t<div class=\"fusion-rollover-categories\"><a href=\"https:\/\/barsancalisto.it\/index.php\/category\/press\/\" rel=\"tag\">Press<\/a><\/div>\t\t\t\t\t\n\t\t\n\t\t\t\t\t\t<a class=\"fusion-link-wrapper\" href=\"https:\/\/barsancalisto.it\/index.php\/2021\/07\/23\/santo-bar-callisto-di-giulia-anania-e-simone-amendola\/\" aria-label=\"Santo Bar Callisto. Di Giulia Anania e Simone Amendola\"><\/a>\n\t<\/div>\n<\/div>\n<\/div>\n<\/li>\n\t\t\t\n\t\t\t\n\t\t\t\t\t\t\t\t\t\t\t\t\t\t\t\t\t\t\t\t\t\t\t\t\t\t\t\t\t\t\t\t\t\t\t\t\t\t\t\t\t\t\t\t\t\t\t\t\t\t\t\t\t\t\t\t\t\t\t\t\t\t\t\t\t\t\t\t<\/ul>\n\t<\/div>\n\t<div class=\"fusion-post-content post-content\"><h2 class=\"blog-shortcode-post-title entry-title\"><a href=\"https:\/\/barsancalisto.it\/index.php\/2021\/07\/23\/santo-bar-callisto-di-giulia-anania-e-simone-amendola\/\">Santo Bar Callisto. Di Giulia Anania e Simone Amendola<\/a><\/h2><p class=\"fusion-single-line-meta\">By <span class=\"vcard\"><span class=\"fn\"><a href=\"https:\/\/barsancalisto.it\/index.php\/author\/loto-admin\/\" title=\"Articoli scritti da admin\" rel=\"author\">admin<\/a><\/span><\/span><span class=\"fusion-inline-sep\">|<\/span><span class=\"updated\" style=\"display:none;\">2022-06-10T08:28:38+00:00<\/span><span>Luglio 23, 2021<\/span><span class=\"fusion-inline-sep\">|<\/span>Categories: <a href=\"https:\/\/barsancalisto.it\/index.php\/category\/press\/\" rel=\"category tag\">Press<\/a><span class=\"fusion-inline-sep\">|<\/span><span class=\"meta-tags\">Tags: <a href=\"https:\/\/barsancalisto.it\/index.php\/tag\/ventriloco\/\" rel=\"tag\">Ventriloco<\/a><\/span><span class=\"fusion-inline-sep\">|<\/span><span class=\"fusion-comments\"><span>Commenti disabilitati<span class=\"screen-reader-text\"> su Santo Bar Callisto. Di Giulia Anania e Simone Amendola<\/span><\/span><\/span><\/p><div class=\"fusion-post-content-container\"><p>\"Tutte le volte che mi sono persa, qua ho trovato una salvezza, una cometa, un'insegna accesa. Una comunit\u00e0\"\u2026 La nostra amica Giulia Anan\u00eca e il magistrale Simone Amendola hanno realizzato qualche giorno fa quest'ode al Bar San Calisto, per dire a Marcello, col cuore in mano, quanto sia importante per tutti noi e per ricordare i giorni in cui, un paio di anni fa, il bar fu chiuso per motivi molto discutibili\u2026 Adesso, malinconica casualit\u00e0, il bar \u00e8 stato chiuso di nuovo e Giulia ha voluto che pubblicassimo questa perla sulla nostra pagina. Quindi grazie! La poesia si chiama Santo [...]<\/p><\/div><\/div><div class=\"fusion-clearfix\"><\/div><div class=\"fusion-meta-info\"><div class=\"fusion-alignright\"><a class=\"fusion-read-more\" href=\"https:\/\/barsancalisto.it\/index.php\/2021\/07\/23\/santo-bar-callisto-di-giulia-anania-e-simone-amendola\/\" aria-label=\"More on Santo Bar Callisto. Di Giulia Anania e Simone Amendola\">Read More<\/a><\/div><\/div><\/article>\n<article id=\"blog-1-post-163\" class=\"fusion-post-medium-alternate post-163 post type-post status-publish format-standard has-post-thumbnail hentry category-press tag-roma-today\">\n<div class=\"fusion-date-and-formats\"><div class=\"fusion-date-box updated\"><span class=\"fusion-date\">23<\/span><span class=\"fusion-month-year\">07, 2021<\/span><\/div><div class=\"fusion-format-box\"><i class=\"awb-icon-pen\" aria-hidden=\"true\"><\/i><\/div><\/div>\t<style type=\"text\/css\">\n\t\t\n\t\t\n\t\t\n\t\t\n\t\t\t<\/style>\n\n\n\t\t\t<div class=\"fusion-flexslider flexslider fusion-flexslider-loading fusion-post-slideshow\" style=\"\">\n\t\t<ul class=\"slides\">\n\t\t\t\n\t\t\t\t\t\t\t\t\t\t\t\t\t\t<li><div  class=\"fusion-image-wrapper fusion-image-size-fixed\" aria-haspopup=\"true\">\n\t\t\t\t<img decoding=\"async\" width=\"320\" height=\"202\" src=\"https:\/\/barsancalisto.it\/wp-content\/uploads\/2021\/07\/bar_san_calisto-2-320x202.jpg\" class=\"attachment-blog-medium size-blog-medium wp-post-image\" alt=\"\" srcset=\"https:\/\/barsancalisto.it\/wp-content\/uploads\/2021\/07\/bar_san_calisto-2-320x202.jpg 320w, https:\/\/barsancalisto.it\/wp-content\/uploads\/2021\/07\/bar_san_calisto-2-700x441.jpg 700w\" sizes=\"(max-width: 320px) 100vw, 320px\" \/><div class=\"fusion-rollover\">\n\t<div class=\"fusion-rollover-content\">\n\n\t\t\t\t\t\t\t\t\t\t\t\t\t\t<a class=\"fusion-rollover-link\" href=\"https:\/\/barsancalisto.it\/index.php\/2021\/07\/23\/auguri-san-calisto-il-bar-simbolo-di-di-trastevere-compie-50-anni\/\">Auguri San Calisto! Il bar simbolo di di Trastevere, compie 50 anni<\/a>\n\t\t\t\n\t\t\t\t\t\t\t\t\t\t\t\t\t\t\n\t\t\t\t\t\t\t\t\n\t\t\t\t\t\t\t\t\t\t\t\t\t<div class=\"fusion-rollover-sep\"><\/div>\n\t\t\t\t\n\t\t\t\t\t\t\t\t\t\t\t\t\t\t\t\t\t\t<a class=\"fusion-rollover-gallery\" href=\"https:\/\/barsancalisto.it\/wp-content\/uploads\/2021\/07\/bar_san_calisto-2.jpg\" data-id=\"163\" data-rel=\"iLightbox[gallery]\" data-title=\"bar_san_calisto-2\" data-caption=\"\">\n\t\t\t\t\t\tGalleria\t\t\t\t\t<\/a>\n\t\t\t\t\t\t\t\t\t\t\t\t\t\t\n\t\t\n\t\t\t\t\t\t\t\t\t\t\t\t<h4 class=\"fusion-rollover-title\">\n\t\t\t\t\t<a class=\"fusion-rollover-title-link\" href=\"https:\/\/barsancalisto.it\/index.php\/2021\/07\/23\/auguri-san-calisto-il-bar-simbolo-di-di-trastevere-compie-50-anni\/\">\n\t\t\t\t\t\tAuguri San Calisto! Il bar simbolo di di Trastevere, compie 50 anni\t\t\t\t\t<\/a>\n\t\t\t\t<\/h4>\n\t\t\t\n\t\t\t\t\t\t\t\t\t\t<div class=\"fusion-rollover-categories\"><a href=\"https:\/\/barsancalisto.it\/index.php\/category\/press\/\" rel=\"tag\">Press<\/a><\/div>\t\t\t\t\t\n\t\t\n\t\t\t\t\t\t<a class=\"fusion-link-wrapper\" href=\"https:\/\/barsancalisto.it\/index.php\/2021\/07\/23\/auguri-san-calisto-il-bar-simbolo-di-di-trastevere-compie-50-anni\/\" aria-label=\"Auguri San Calisto! Il bar simbolo di di Trastevere, compie 50 anni\"><\/a>\n\t<\/div>\n<\/div>\n<\/div>\n<\/li>\n\t\t\t\n\t\t\t\n\t\t\t\t\t\t\t\t\t\t\t\t\t\t\t\t\t\t\t\t\t\t\t\t\t\t\t\t\t\t\t\t\t\t\t\t\t\t\t\t\t\t\t\t\t\t\t\t\t\t\t\t\t\t\t\t\t\t\t\t\t\t\t\t\t\t\t\t<\/ul>\n\t<\/div>\n\t<div class=\"fusion-post-content post-content\"><h2 class=\"blog-shortcode-post-title entry-title\"><a href=\"https:\/\/barsancalisto.it\/index.php\/2021\/07\/23\/auguri-san-calisto-il-bar-simbolo-di-di-trastevere-compie-50-anni\/\">Auguri San Calisto! Il bar simbolo di di Trastevere, compie 50 anni<\/a><\/h2><p class=\"fusion-single-line-meta\">By <span class=\"vcard\"><span class=\"fn\"><a href=\"https:\/\/barsancalisto.it\/index.php\/author\/loto-admin\/\" title=\"Articoli scritti da admin\" rel=\"author\">admin<\/a><\/span><\/span><span class=\"fusion-inline-sep\">|<\/span><span class=\"updated\" style=\"display:none;\">2022-06-10T08:28:39+00:00<\/span><span>Luglio 23, 2021<\/span><span class=\"fusion-inline-sep\">|<\/span>Categories: <a href=\"https:\/\/barsancalisto.it\/index.php\/category\/press\/\" rel=\"category tag\">Press<\/a><span class=\"fusion-inline-sep\">|<\/span><span class=\"meta-tags\">Tags: <a href=\"https:\/\/barsancalisto.it\/index.php\/tag\/roma-today\/\" rel=\"tag\">Roma today<\/a><\/span><span class=\"fusion-inline-sep\">|<\/span><span class=\"fusion-comments\"><span>Commenti disabilitati<span class=\"screen-reader-text\"> su Auguri San Calisto! Il bar simbolo di di Trastevere, compie 50 anni<\/span><\/span><\/span><\/p><div class=\"fusion-post-content-container\"><p>E' uno dei bar pi\u00f9 popolari e frequentati di Trastevere, da decenni punto di ritrovo di giovani, passanti, turisti, studenti, ma anche degli abitanti della zona. Una clientela molto estesa quella del bar San Calisto, diventato famoso anche perch\u00e9 compare in diversi importanti film del cinema italiano. Il titolare e gestore del bar, Marcello Forti, ci ha raccontato la storia del locale, cominciata nel 1969, e come \u00e8 riuscito a diventare un luogo cos\u00ec popolare e di riferimento per tutti. Entusiasta, inoltre ci ha detto che aspetta con piacere l\u2019intera clientela e chiunque volesse, pu\u00f2 andare domenica 4 agosto a [...]<\/p><\/div><\/div><div class=\"fusion-clearfix\"><\/div><div class=\"fusion-meta-info\"><div class=\"fusion-alignright\"><a class=\"fusion-read-more\" href=\"https:\/\/barsancalisto.it\/index.php\/2021\/07\/23\/auguri-san-calisto-il-bar-simbolo-di-di-trastevere-compie-50-anni\/\" aria-label=\"More on Auguri San Calisto! Il bar simbolo di di Trastevere, compie 50 anni\">Read More<\/a><\/div><\/div><\/article>\n<article id=\"blog-1-post-153\" class=\"fusion-post-medium-alternate post-153 post type-post status-publish format-standard has-post-thumbnail hentry category-press tag-ventriloco\">\n<div class=\"fusion-date-and-formats\"><div class=\"fusion-date-box updated\"><span class=\"fusion-date\">23<\/span><span class=\"fusion-month-year\">07, 2021<\/span><\/div><div class=\"fusion-format-box\"><i class=\"awb-icon-pen\" aria-hidden=\"true\"><\/i><\/div><\/div>\t<style type=\"text\/css\">\n\t\t\n\t\t\n\t\t\n\t\t\n\t\t\t<\/style>\n\n\n\t\t\t<div class=\"fusion-flexslider flexslider fusion-flexslider-loading fusion-post-slideshow\" style=\"\">\n\t\t<ul class=\"slides\">\n\t\t\t\n\t\t\t\t\t\t\t\t\t\t\t\t\t\t<li><div  class=\"fusion-image-wrapper fusion-image-size-fixed\" aria-haspopup=\"true\">\n\t\t\t\t<img decoding=\"async\" width=\"320\" height=\"202\" src=\"https:\/\/barsancalisto.it\/wp-content\/uploads\/2021\/07\/San-Calisto-preferisco-Ivano-De-Matteo-legge-il-sonetto-che-ha-composto-320x202.png\" class=\"attachment-blog-medium size-blog-medium wp-post-image\" alt=\"\" srcset=\"https:\/\/barsancalisto.it\/wp-content\/uploads\/2021\/07\/San-Calisto-preferisco-Ivano-De-Matteo-legge-il-sonetto-che-ha-composto-320x202.png 320w, https:\/\/barsancalisto.it\/wp-content\/uploads\/2021\/07\/San-Calisto-preferisco-Ivano-De-Matteo-legge-il-sonetto-che-ha-composto-700x441.png 700w\" sizes=\"(max-width: 320px) 100vw, 320px\" \/><div class=\"fusion-rollover\">\n\t<div class=\"fusion-rollover-content\">\n\n\t\t\t\t\t\t\t\t\t\t\t\t\t\t<a class=\"fusion-rollover-link\" href=\"https:\/\/barsancalisto.it\/index.php\/2021\/07\/23\/san-calisto-preferisco-ivano-de-matteo-legge-il-sonetto-che-ha-composto\/\">San Calisto preferisco &#8211; Ivano De Matteo legge il sonetto che ha composto<\/a>\n\t\t\t\n\t\t\t\t\t\t\t\t\t\t\t\t\t\t\n\t\t\t\t\t\t\t\t\n\t\t\t\t\t\t\t\t\t\t\t\t\t<div class=\"fusion-rollover-sep\"><\/div>\n\t\t\t\t\n\t\t\t\t\t\t\t\t\t\t\t\t\t\t\t\t\t\t<a class=\"fusion-rollover-gallery\" href=\"https:\/\/barsancalisto.it\/wp-content\/uploads\/2021\/07\/San-Calisto-preferisco-Ivano-De-Matteo-legge-il-sonetto-che-ha-composto.png\" data-id=\"153\" data-rel=\"iLightbox[gallery]\" data-title=\"San Calisto preferisco - Ivano De Matteo legge il sonetto che ha composto\" data-caption=\"\">\n\t\t\t\t\t\tGalleria\t\t\t\t\t<\/a>\n\t\t\t\t\t\t\t\t\t\t\t\t\t\t\n\t\t\n\t\t\t\t\t\t\t\t\t\t\t\t<h4 class=\"fusion-rollover-title\">\n\t\t\t\t\t<a class=\"fusion-rollover-title-link\" href=\"https:\/\/barsancalisto.it\/index.php\/2021\/07\/23\/san-calisto-preferisco-ivano-de-matteo-legge-il-sonetto-che-ha-composto\/\">\n\t\t\t\t\t\tSan Calisto preferisco &#8211; Ivano De Matteo legge il sonetto che ha composto\t\t\t\t\t<\/a>\n\t\t\t\t<\/h4>\n\t\t\t\n\t\t\t\t\t\t\t\t\t\t<div class=\"fusion-rollover-categories\"><a href=\"https:\/\/barsancalisto.it\/index.php\/category\/press\/\" rel=\"tag\">Press<\/a><\/div>\t\t\t\t\t\n\t\t\n\t\t\t\t\t\t<a class=\"fusion-link-wrapper\" href=\"https:\/\/barsancalisto.it\/index.php\/2021\/07\/23\/san-calisto-preferisco-ivano-de-matteo-legge-il-sonetto-che-ha-composto\/\" aria-label=\"San Calisto preferisco &#8211; Ivano De Matteo legge il sonetto che ha composto\"><\/a>\n\t<\/div>\n<\/div>\n<\/div>\n<\/li>\n\t\t\t\n\t\t\t\n\t\t\t\t\t\t\t\t\t\t\t\t\t\t\t\t\t\t\t\t\t\t\t\t\t\t\t\t\t\t\t\t\t\t\t\t\t\t\t\t\t\t\t\t\t\t\t\t\t\t\t\t\t\t\t\t\t\t\t\t\t\t\t\t\t\t\t\t<\/ul>\n\t<\/div>\n\t<div class=\"fusion-post-content post-content\"><h2 class=\"blog-shortcode-post-title entry-title\"><a href=\"https:\/\/barsancalisto.it\/index.php\/2021\/07\/23\/san-calisto-preferisco-ivano-de-matteo-legge-il-sonetto-che-ha-composto\/\">San Calisto preferisco &#8211; Ivano De Matteo legge il sonetto che ha composto<\/a><\/h2><p class=\"fusion-single-line-meta\">By <span class=\"vcard\"><span class=\"fn\"><a href=\"https:\/\/barsancalisto.it\/index.php\/author\/loto-admin\/\" title=\"Articoli scritti da admin\" rel=\"author\">admin<\/a><\/span><\/span><span class=\"fusion-inline-sep\">|<\/span><span class=\"updated\" style=\"display:none;\">2022-06-10T08:28:39+00:00<\/span><span>Luglio 23, 2021<\/span><span class=\"fusion-inline-sep\">|<\/span>Categories: <a href=\"https:\/\/barsancalisto.it\/index.php\/category\/press\/\" rel=\"category tag\">Press<\/a><span class=\"fusion-inline-sep\">|<\/span><span class=\"meta-tags\">Tags: <a href=\"https:\/\/barsancalisto.it\/index.php\/tag\/ventriloco\/\" rel=\"tag\">Ventriloco<\/a><\/span><span class=\"fusion-inline-sep\">|<\/span><span class=\"fusion-comments\"><span>Commenti disabilitati<span class=\"screen-reader-text\"> su San Calisto preferisco &#8211; Ivano De Matteo legge il sonetto che ha composto<\/span><\/span><\/span><\/p><div class=\"fusion-post-content-container\"><p>San Calisto preferisco Seduto davanti al bar, il suo luogo sacro, il suo luogo di resistenza, Ivano De Matteo legge il sonetto che ha composto per omaggiare lo spirito trasteverino, quello vero, quello che inizia a mancare, quello che rischia di scomparire per sempre. Dalle pagine dell'ultimo numero del Ventriloco Bar San Calisto Fonte : https:\/\/www.facebook.com\/watch\/?v=151859943673874<\/p><\/div><\/div><div class=\"fusion-clearfix\"><\/div><div class=\"fusion-meta-info\"><div class=\"fusion-alignright\"><a class=\"fusion-read-more\" href=\"https:\/\/barsancalisto.it\/index.php\/2021\/07\/23\/san-calisto-preferisco-ivano-de-matteo-legge-il-sonetto-che-ha-composto\/\" aria-label=\"More on San Calisto preferisco &#8211; Ivano De Matteo legge il sonetto che ha composto\">Read More<\/a><\/div><\/div><\/article>\n<article id=\"blog-1-post-142\" class=\"fusion-post-medium-alternate post-142 post type-post status-publish format-standard has-post-thumbnail hentry category-press tag-le-petit-journal\">\n<div class=\"fusion-date-and-formats\"><div class=\"fusion-date-box updated\"><span class=\"fusion-date\">23<\/span><span class=\"fusion-month-year\">07, 2021<\/span><\/div><div class=\"fusion-format-box\"><i class=\"awb-icon-pen\" aria-hidden=\"true\"><\/i><\/div><\/div>\t<style type=\"text\/css\">\n\t\t\n\t\t\n\t\t\n\t\t\n\t\t\t<\/style>\n\n\n\t\t\t<div class=\"fusion-flexslider flexslider fusion-flexslider-loading fusion-post-slideshow\" style=\"\">\n\t\t<ul class=\"slides\">\n\t\t\t\n\t\t\t\t\t\t\t\t\t\t\t\t\t\t<li><div  class=\"fusion-image-wrapper fusion-image-size-fixed\" aria-haspopup=\"true\">\n\t\t\t\t<img decoding=\"async\" width=\"320\" height=\"202\" src=\"https:\/\/barsancalisto.it\/wp-content\/uploads\/2021\/07\/Capture-de\u0301cran-2020-07-03-a\u0300-21.10.28-320x202.png\" class=\"attachment-blog-medium size-blog-medium wp-post-image\" alt=\"\" srcset=\"https:\/\/barsancalisto.it\/wp-content\/uploads\/2021\/07\/Capture-de\u0301cran-2020-07-03-a\u0300-21.10.28-200x125.png 200w, https:\/\/barsancalisto.it\/wp-content\/uploads\/2021\/07\/Capture-de\u0301cran-2020-07-03-a\u0300-21.10.28-320x202.png 320w, https:\/\/barsancalisto.it\/wp-content\/uploads\/2021\/07\/Capture-de\u0301cran-2020-07-03-a\u0300-21.10.28-700x441.png 700w\" sizes=\"(max-width: 320px) 100vw, 320px\" \/><div class=\"fusion-rollover\">\n\t<div class=\"fusion-rollover-content\">\n\n\t\t\t\t\t\t\t\t\t\t\t\t\t\t<a class=\"fusion-rollover-link\" href=\"https:\/\/barsancalisto.it\/index.php\/2021\/07\/23\/an-calisto-ou-le-calice-romain-authentique-et-a-tres-bas-prix\/\">San Calisto ou le calice romain authentique et \u00e0 tr\u00e8s bas prix<\/a>\n\t\t\t\n\t\t\t\t\t\t\t\t\t\t\t\t\t\t\n\t\t\t\t\t\t\t\t\n\t\t\t\t\t\t\t\t\t\t\t\t\t<div class=\"fusion-rollover-sep\"><\/div>\n\t\t\t\t\n\t\t\t\t\t\t\t\t\t\t\t\t\t\t\t\t\t\t<a class=\"fusion-rollover-gallery\" href=\"https:\/\/barsancalisto.it\/wp-content\/uploads\/2021\/07\/Capture-de\u0301cran-2020-07-03-a\u0300-21.10.28.png\" data-id=\"142\" data-rel=\"iLightbox[gallery]\" data-title=\"Capture d\u2019e\u0301cran 2020-07-03 a\u0300 21.10.28\" data-caption=\"\">\n\t\t\t\t\t\tGalleria\t\t\t\t\t<\/a>\n\t\t\t\t\t\t\t\t\t\t\t\t\t\t\n\t\t\n\t\t\t\t\t\t\t\t\t\t\t\t<h4 class=\"fusion-rollover-title\">\n\t\t\t\t\t<a class=\"fusion-rollover-title-link\" href=\"https:\/\/barsancalisto.it\/index.php\/2021\/07\/23\/an-calisto-ou-le-calice-romain-authentique-et-a-tres-bas-prix\/\">\n\t\t\t\t\t\tSan Calisto ou le calice romain authentique et \u00e0 tr\u00e8s bas prix\t\t\t\t\t<\/a>\n\t\t\t\t<\/h4>\n\t\t\t\n\t\t\t\t\t\t\t\t\t\t<div class=\"fusion-rollover-categories\"><a href=\"https:\/\/barsancalisto.it\/index.php\/category\/press\/\" rel=\"tag\">Press<\/a><\/div>\t\t\t\t\t\n\t\t\n\t\t\t\t\t\t<a class=\"fusion-link-wrapper\" href=\"https:\/\/barsancalisto.it\/index.php\/2021\/07\/23\/an-calisto-ou-le-calice-romain-authentique-et-a-tres-bas-prix\/\" aria-label=\"San Calisto ou le calice romain authentique et \u00e0 tr\u00e8s bas prix\"><\/a>\n\t<\/div>\n<\/div>\n<\/div>\n<\/li>\n\t\t\t\n\t\t\t\n\t\t\t\t\t\t\t\t\t\t\t\t\t\t\t\t\t\t\t\t\t\t\t\t\t\t\t\t\t\t\t\t\t\t\t\t\t\t\t\t\t\t\t\t\t\t\t\t\t\t\t\t\t\t\t\t\t\t\t\t\t\t\t\t\t\t\t\t<\/ul>\n\t<\/div>\n\t<div class=\"fusion-post-content post-content\"><h2 class=\"blog-shortcode-post-title entry-title\"><a href=\"https:\/\/barsancalisto.it\/index.php\/2021\/07\/23\/an-calisto-ou-le-calice-romain-authentique-et-a-tres-bas-prix\/\">San Calisto ou le calice romain authentique et \u00e0 tr\u00e8s bas prix<\/a><\/h2><p class=\"fusion-single-line-meta\">By <span class=\"vcard\"><span class=\"fn\"><a href=\"https:\/\/barsancalisto.it\/index.php\/author\/loto-admin\/\" title=\"Articoli scritti da admin\" rel=\"author\">admin<\/a><\/span><\/span><span class=\"fusion-inline-sep\">|<\/span><span class=\"updated\" style=\"display:none;\">2022-06-10T08:28:39+00:00<\/span><span>Luglio 23, 2021<\/span><span class=\"fusion-inline-sep\">|<\/span>Categories: <a href=\"https:\/\/barsancalisto.it\/index.php\/category\/press\/\" rel=\"category tag\">Press<\/a><span class=\"fusion-inline-sep\">|<\/span><span class=\"meta-tags\">Tags: <a href=\"https:\/\/barsancalisto.it\/index.php\/tag\/le-petit-journal\/\" rel=\"tag\">le petit journal<\/a><\/span><span class=\"fusion-inline-sep\">|<\/span><span class=\"fusion-comments\"><span>Commenti disabilitati<span class=\"screen-reader-text\"> su San Calisto ou le calice romain authentique et \u00e0 tr\u00e8s bas prix<\/span><\/span><\/span><\/p><div class=\"fusion-post-content-container\"><p>Si l\u2019on a l\u2019habitude de se promener vers 11 heures dans les rues de Trastevere et que l\u2019on se dirige vers la Piazza San Calisto, on peut avoir la chance d\u2019assister \u00e0 quelques sc\u00e8nes quotidiennes de la vie romaine du bar San Calisto (cach\u00e9 derri\u00e8re la somptueuse Santa Maria di Trastevere), v\u00e9ritable institution, qui devient l\u2019ar\u00e8ne de joutes verbales d\u00e8s que les habitu\u00e9s s\u2019y positionnent avec une constance de pi\u00e8ces d\u2019\u00e9checs, jouant aussi aux cartes de mani\u00e8re parfois bruyante. Fonte: https:\/\/lepetitjournal.com\/rome\/a-voir-a-faire\/san-calisto-ou-le-calice-romain-authentique-et-tres-bas-prix-251675 \u00a0<\/p><\/div><\/div><div class=\"fusion-clearfix\"><\/div><div class=\"fusion-meta-info\"><div class=\"fusion-alignright\"><a class=\"fusion-read-more\" href=\"https:\/\/barsancalisto.it\/index.php\/2021\/07\/23\/an-calisto-ou-le-calice-romain-authentique-et-a-tres-bas-prix\/\" aria-label=\"More on San Calisto ou le calice romain authentique et \u00e0 tr\u00e8s bas prix\">Read More<\/a><\/div><\/div><\/article>\n<\/div><div class=\"pagination clearfix\"><span class=\"current\">1<\/span><a href=\"https:\/\/barsancalisto.it\/index.php\/wp-json\/wp\/v2\/pages\/140\/page\/2\/\" class=\"inactive\">2<\/a><a class=\"pagination-next\" rel=\"next\" href=\"https:\/\/barsancalisto.it\/index.php\/wp-json\/wp\/v2\/pages\/140\/page\/2\/\"><span class=\"page-text\">Prossimo<\/span><span class=\"page-next\"><\/span><\/a><\/div><div class=\"fusion-clearfix\"><\/div><\/div><\/div><style type=\"text\/css\">.fusion-body .fusion-builder-column-0{width:100% !important;margin-top : 0px;margin-bottom : 20px;}.fusion-builder-column-0 > .fusion-column-wrapper {padding-top : 0px !important;padding-right : 0px !important;margin-right : 1.92%;padding-bottom : 0px !important;padding-left : 0px !important;margin-left : 1.92%;}@media only screen and (max-width:1024px) {.fusion-body .fusion-builder-column-0{width:100% !important;order : 0;}.fusion-builder-column-0 > .fusion-column-wrapper {margin-right : 1.92%;margin-left : 1.92%;}}@media only screen and (max-width:640px) {.fusion-body .fusion-builder-column-0{width:100% !important;order : 0;}.fusion-builder-column-0 > .fusion-column-wrapper {margin-right : 1.92%;margin-left : 1.92%;}}<\/style><\/div><\/div><style type=\"text\/css\">.fusion-body .fusion-flex-container.fusion-builder-row-1{ padding-top : 0px;margin-top : 0px;padding-right : 0px;padding-bottom : 0px;margin-bottom : 0px;padding-left : 0px;}<\/style><\/div>\n","protected":false},"excerpt":{"rendered":"","protected":false},"author":1,"featured_media":0,"parent":0,"menu_order":0,"comment_status":"closed","ping_status":"closed","template":"","meta":{"footnotes":""},"folder":[],"class_list":["post-140","page","type-page","status-publish","hentry"],"_links":{"self":[{"href":"https:\/\/barsancalisto.it\/index.php\/wp-json\/wp\/v2\/pages\/140","targetHints":{"allow":["GET"]}}],"collection":[{"href":"https:\/\/barsancalisto.it\/index.php\/wp-json\/wp\/v2\/pages"}],"about":[{"href":"https:\/\/barsancalisto.it\/index.php\/wp-json\/wp\/v2\/types\/page"}],"author":[{"embeddable":true,"href":"https:\/\/barsancalisto.it\/index.php\/wp-json\/wp\/v2\/users\/1"}],"replies":[{"embeddable":true,"href":"https:\/\/barsancalisto.it\/index.php\/wp-json\/wp\/v2\/comments?post=140"}],"version-history":[{"count":6,"href":"https:\/\/barsancalisto.it\/index.php\/wp-json\/wp\/v2\/pages\/140\/revisions"}],"predecessor-version":[{"id":151,"href":"https:\/\/barsancalisto.it\/index.php\/wp-json\/wp\/v2\/pages\/140\/revisions\/151"}],"wp:attachment":[{"href":"https:\/\/barsancalisto.it\/index.php\/wp-json\/wp\/v2\/media?parent=140"}],"wp:term":[{"taxonomy":"folder","embeddable":true,"href":"https:\/\/barsancalisto.it\/index.php\/wp-json\/wp\/v2\/folder?post=140"}],"curies":[{"name":"wp","href":"https:\/\/api.w.org\/{rel}","templated":true}]}}